{"id":5649,"date":"2025-12-21T17:42:13","date_gmt":"2025-12-21T17:42:13","guid":{"rendered":"https:\/\/grancanariaajedrez.es\/?post_type=gc_event&#038;p=5649"},"modified":"2025-12-23T18:18:17","modified_gmt":"2025-12-23T18:18:17","slug":"la-recta-final-ha-llegado-y-el-tablero-de-gran-canaria-esta-que-arde","status":"publish","type":"gc_event","link":"https:\/\/grancanariaajedrez.es\/index.php\/torneos\/la-recta-final-ha-llegado-y-el-tablero-de-gran-canaria-esta-que-arde\/","title":{"rendered":"\u00a1LA RECTA FINAL HA LLEGADO Y EL TABLERO DE GRAN CANARIA EST\u00c1 QUE ARDE!"},"content":{"rendered":"\n<p class=\"has-medium-font-size\">Tras la intensa jornada del Torneo Blitz, solo queda un \u00faltimo obst\u00e1culo para decidir qui\u00e9n se llevar\u00e1 la corona del <strong>II Circuito de Ajedrez de Gran Canaria 2025<\/strong>: el torneo <strong>Activo Gu\u00eda es Deporte<\/strong>.<\/p>\n\n\n\n<p class=\"has-medium-font-size\">La emoci\u00f3n es palpable. Cada jugada, cada sacrificio y cada victoria en Gu\u00eda puede ser la diferencia entre el podio y el olvido. Aqu\u00ed tienes el estado de la competici\u00f3n a falta de este \u00faltimo encuentro:<\/p>\n\n\n\n<p class=\"has-medium-font-size\"><strong>\ud83c\udfc6 Top 10 Clasificaci\u00f3n General (Puntos)<\/strong><\/p>\n\n\n\n<p class=\"has-medium-font-size\">La lucha por el primer puesto est\u00e1 al rojo vivo. Diego mantiene el liderato, pero Agust\u00edn y Nicanor no le pierden la pista.<\/p>\n\n\n\n<ol start=\"1\" class=\"wp-block-list\">\n<li>\ud83e\udd47 <strong>Diego S\u00e1nchez Gonz\u00e1lez<\/strong> &#8211; $427$ pts<\/li>\n\n\n\n<li>\ud83e\udd48 <strong>Agust\u00edn Marrero C\u00e1rdenes<\/strong> &#8211; $380$ pts<\/li>\n\n\n\n<li>\ud83e\udd49 <strong>Nicanor Camino Carrio<\/strong> &#8211; $345$ pts<\/li>\n\n\n\n<li><strong>Gabriel Rivero Tacoronte<\/strong> &#8211; $323$ pts<\/li>\n\n\n\n<li><strong>Carlos Silverio Matos Espino<\/strong> &#8211; $315$ pts<\/li>\n\n\n\n<li><strong>Adriana Garc\u00eda Rodr\u00edguez<\/strong> &#8211; $314$ pts<\/li>\n\n\n\n<li><strong>Isaac S\u00e1nchez Montesdeoca<\/strong> &#8211; $308$ pts<\/li>\n\n\n\n<li><strong>Diego Moreno Diepa<\/strong> &#8211; $296$ pts<\/li>\n\n\n\n<li><strong>Samuel Morell Rojas<\/strong> &#8211; $296$ pts<\/li>\n\n\n\n<li><strong>Benjamin Andres Arlet<\/strong> &#8211; $285$ pts<\/li>\n<\/ol>\n\n\n\n<p><strong>\u26a1 Top 10 Los m\u00e1s Activos (Constancia)<\/strong><\/p>\n\n\n\n<p class=\"has-medium-font-size\">Queremos destacar a los verdaderos guerreros del tablero, aquellos que no han faltado a su cita con el ajedrez jornada tras jornada.<\/p>\n\n\n\n<ol start=\"1\" class=\"wp-block-list\">\n<li><strong>Carlos Silverio Matos Espino<\/strong> &#8211; $14$ torneos<\/li>\n\n\n\n<li><strong>Samuel Morell Rojas<\/strong> &#8211; $13$ torneos<\/li>\n\n\n\n<li><strong>Serafim Mykhyeyev<\/strong> &#8211; $13$ torneos<\/li>\n\n\n\n<li><strong>Adriana Garc\u00eda Rodr\u00edguez<\/strong> &#8211; $12$ torneos<\/li>\n\n\n\n<li><strong>Isaac S\u00e1nchez Montesdeoca<\/strong> &#8211; $12$ torneos<\/li>\n\n\n\n<li><strong>Benjamin Andres Arlet<\/strong> &#8211; $12$ torneos<\/li>\n\n\n\n<li><strong>Dario Angulo Diaz<\/strong> &#8211; $12$ torneos<\/li>\n\n\n\n<li><strong>Juan Pedro Sancho Quesada<\/strong> &#8211; $12$ torneos<\/li>\n\n\n\n<li><strong>Yassine Santana Slamova<\/strong> &#8211; $12$ torneos<\/li>\n\n\n\n<li><strong>Agust\u00edn Marrero C\u00e1rdenes<\/strong> &#8211; $11$ torneos<\/li>\n<\/ol>\n\n\n\n<p class=\"has-medium-font-size\">\u00a1La suerte est\u00e1 echada! Solo queda una batalla en Gu\u00eda para cerrar una temporada hist\u00f3rica. A todos los jugadores: mantened la concentraci\u00f3n, pulid vuestras aperturas y recordad que en el ajedrez, como en la vida, hasta el \u00faltimo segundo puede cambiarlo todo.<\/p>\n\n\n<figure class=\"wp-block-post-featured-image\"><img fetchpriority=\"high\" decoding=\"async\" width=\"1226\" height=\"720\" src=\"https:\/\/grancanariaajedrez.es\/wp-content\/uploads\/2024\/01\/BanderaFederacion.png\" class=\"attachment-post-thumbnail size-post-thumbnail wp-post-image\" alt=\"\" style=\"object-fit:cover;\" srcset=\"https:\/\/grancanariaajedrez.es\/wp-content\/uploads\/2024\/01\/BanderaFederacion.png 1226w, https:\/\/grancanariaajedrez.es\/wp-content\/uploads\/2024\/01\/BanderaFederacion-300x176.png 300w, https:\/\/grancanariaajedrez.es\/wp-content\/uploads\/2024\/01\/BanderaFederacion-1024x601.png 1024w, https:\/\/grancanariaajedrez.es\/wp-content\/uploads\/2024\/01\/BanderaFederacion-768x451.png 768w\" sizes=\"(max-width: 1226px) 100vw, 1226px\" \/><\/figure>\n\n\n<div class=\"wp-block-file\"><a id=\"wp-block-file--media-82c9f0c5-132b-4d1e-8777-fe5b3d2cf414\" href=\"https:\/\/grancanariaajedrez.es\/wp-content\/uploads\/2025\/12\/II-Circuito-de-Ajedrez-de-Gran-Canaria-2025-1-1.xlsx\">II Circuito de Ajedrez de Gran Canaria 2025 (1)<\/a><a href=\"https:\/\/grancanariaajedrez.es\/wp-content\/uploads\/2025\/12\/II-Circuito-de-Ajedrez-de-Gran-Canaria-2025-1-1.xlsx\" class=\"wp-block-file__button wp-element-button\" download aria-describedby=\"wp-block-file--media-82c9f0c5-132b-4d1e-8777-fe5b3d2cf414\">Descarga<\/a><\/div>\n","protected":false},"featured_media":2700,"template":"","meta":{"ngg_post_thumbnail":0},"gc_event_type":[],"class_list":["post-5649","gc_event","type-gc_event","status-publish","has-post-thumbnail","hentry"],"yoast_head":"<!-- This site is optimized with the Yoast SEO plugin v27.5 - https:\/\/yoast.com\/product\/yoast-seo-wordpress\/ -->\n<title>\u00a1LA RECTA FINAL HA LLEGADO Y EL TABLERO DE GRAN CANARIA EST\u00c1 QUE ARDE! - Federaci\u00f3n insular de ajedrez de Gran Canaria<\/title>\n<meta name=\"robots\" content=\"index, follow, max-snippet:-1, max-image-preview:large, max-video-preview:-1\" \/>\n<link rel=\"canonical\" href=\"https:\/\/grancanariaajedrez.es\/index.php\/torneos\/la-recta-final-ha-llegado-y-el-tablero-de-gran-canaria-esta-que-arde\/\" \/>\n<meta property=\"og:locale\" content=\"es_ES\" \/>\n<meta property=\"og:type\" content=\"article\" \/>\n<meta property=\"og:title\" content=\"\u00a1LA RECTA FINAL HA LLEGADO Y EL TABLERO DE GRAN CANARIA EST\u00c1 QUE ARDE! - Federaci\u00f3n insular de ajedrez de Gran Canaria\" \/>\n<meta property=\"og:description\" content=\"Tras la intensa jornada del Torneo Blitz, solo queda un \u00faltimo obst\u00e1culo para decidir qui\u00e9n se llevar\u00e1 la corona del II Circuito de Ajedrez de Gran Canaria 2025: el torneo Activo Gu\u00eda es Deporte. La emoci\u00f3n es palpable. Cada jugada, cada sacrificio y cada victoria en Gu\u00eda puede ser la diferencia entre el podio y [&hellip;]\" \/>\n<meta property=\"og:url\" content=\"https:\/\/grancanariaajedrez.es\/index.php\/torneos\/la-recta-final-ha-llegado-y-el-tablero-de-gran-canaria-esta-que-arde\/\" \/>\n<meta property=\"og:site_name\" content=\"Federaci\u00f3n insular de ajedrez de Gran Canaria\" \/>\n<meta property=\"article:publisher\" content=\"https:\/\/www.facebook.com\/people\/Federacion-Ajedrez-Gran-Canaria\/100057093924634\/\" \/>\n<meta property=\"article:modified_time\" content=\"2025-12-23T18:18:17+00:00\" \/>\n<meta property=\"og:image\" content=\"https:\/\/grancanariaajedrez.es\/wp-content\/uploads\/2024\/01\/BanderaFederacion.png\" \/>\n\t<meta property=\"og:image:width\" content=\"1226\" \/>\n\t<meta property=\"og:image:height\" content=\"720\" \/>\n\t<meta property=\"og:image:type\" content=\"image\/png\" \/>\n<meta name=\"twitter:card\" content=\"summary_large_image\" \/>\n<meta name=\"twitter:label1\" content=\"Tiempo de lectura\" \/>\n\t<meta name=\"twitter:data1\" content=\"2 minutos\" \/>\n<script type=\"application\/ld+json\" class=\"yoast-schema-graph\">{\"@context\":\"https:\\\/\\\/schema.org\",\"@graph\":[{\"@type\":\"WebPage\",\"@id\":\"https:\\\/\\\/grancanariaajedrez.es\\\/index.php\\\/torneos\\\/la-recta-final-ha-llegado-y-el-tablero-de-gran-canaria-esta-que-arde\\\/\",\"url\":\"https:\\\/\\\/grancanariaajedrez.es\\\/index.php\\\/torneos\\\/la-recta-final-ha-llegado-y-el-tablero-de-gran-canaria-esta-que-arde\\\/\",\"name\":\"\u00a1LA RECTA FINAL HA LLEGADO Y EL TABLERO DE GRAN CANARIA EST\u00c1 QUE ARDE! - Federaci\u00f3n insular de ajedrez de Gran Canaria\",\"isPartOf\":{\"@id\":\"https:\\\/\\\/grancanariaajedrez.es\\\/#website\"},\"primaryImageOfPage\":{\"@id\":\"https:\\\/\\\/grancanariaajedrez.es\\\/index.php\\\/torneos\\\/la-recta-final-ha-llegado-y-el-tablero-de-gran-canaria-esta-que-arde\\\/#primaryimage\"},\"image\":{\"@id\":\"https:\\\/\\\/grancanariaajedrez.es\\\/index.php\\\/torneos\\\/la-recta-final-ha-llegado-y-el-tablero-de-gran-canaria-esta-que-arde\\\/#primaryimage\"},\"thumbnailUrl\":\"https:\\\/\\\/grancanariaajedrez.es\\\/wp-content\\\/uploads\\\/2024\\\/01\\\/BanderaFederacion.png\",\"datePublished\":\"2025-12-21T17:42:13+00:00\",\"dateModified\":\"2025-12-23T18:18:17+00:00\",\"breadcrumb\":{\"@id\":\"https:\\\/\\\/grancanariaajedrez.es\\\/index.php\\\/torneos\\\/la-recta-final-ha-llegado-y-el-tablero-de-gran-canaria-esta-que-arde\\\/#breadcrumb\"},\"inLanguage\":\"es\",\"potentialAction\":[{\"@type\":\"ReadAction\",\"target\":[\"https:\\\/\\\/grancanariaajedrez.es\\\/index.php\\\/torneos\\\/la-recta-final-ha-llegado-y-el-tablero-de-gran-canaria-esta-que-arde\\\/\"]}]},{\"@type\":\"ImageObject\",\"inLanguage\":\"es\",\"@id\":\"https:\\\/\\\/grancanariaajedrez.es\\\/index.php\\\/torneos\\\/la-recta-final-ha-llegado-y-el-tablero-de-gran-canaria-esta-que-arde\\\/#primaryimage\",\"url\":\"https:\\\/\\\/grancanariaajedrez.es\\\/wp-content\\\/uploads\\\/2024\\\/01\\\/BanderaFederacion.png\",\"contentUrl\":\"https:\\\/\\\/grancanariaajedrez.es\\\/wp-content\\\/uploads\\\/2024\\\/01\\\/BanderaFederacion.png\",\"width\":1226,\"height\":720},{\"@type\":\"BreadcrumbList\",\"@id\":\"https:\\\/\\\/grancanariaajedrez.es\\\/index.php\\\/torneos\\\/la-recta-final-ha-llegado-y-el-tablero-de-gran-canaria-esta-que-arde\\\/#breadcrumb\",\"itemListElement\":[{\"@type\":\"ListItem\",\"position\":1,\"name\":\"Portada\",\"item\":\"https:\\\/\\\/grancanariaajedrez.es\\\/\"},{\"@type\":\"ListItem\",\"position\":2,\"name\":\"Torneos de Ajedrez\",\"item\":\"https:\\\/\\\/grancanariaajedrez.es\\\/index.php\\\/torneos\\\/\"},{\"@type\":\"ListItem\",\"position\":3,\"name\":\"\u00a1LA RECTA FINAL HA LLEGADO Y EL TABLERO DE GRAN CANARIA EST\u00c1 QUE ARDE!\"}]},{\"@type\":\"WebSite\",\"@id\":\"https:\\\/\\\/grancanariaajedrez.es\\\/#website\",\"url\":\"https:\\\/\\\/grancanariaajedrez.es\\\/\",\"name\":\"Grancanariaajedrez.es\",\"description\":\"Federaci\u00f3n insular de ajedrez de Gran Canaria\",\"potentialAction\":[{\"@type\":\"SearchAction\",\"target\":{\"@type\":\"EntryPoint\",\"urlTemplate\":\"https:\\\/\\\/grancanariaajedrez.es\\\/?s={search_term_string}\"},\"query-input\":{\"@type\":\"PropertyValueSpecification\",\"valueRequired\":true,\"valueName\":\"search_term_string\"}}],\"inLanguage\":\"es\"}]}<\/script>\n<!-- \/ Yoast SEO plugin. -->","yoast_head_json":{"title":"\u00a1LA RECTA FINAL HA LLEGADO Y EL TABLERO DE GRAN CANARIA EST\u00c1 QUE ARDE! - Federaci\u00f3n insular de ajedrez de Gran Canaria","robots":{"index":"index","follow":"follow","max-snippet":"max-snippet:-1","max-image-preview":"max-image-preview:large","max-video-preview":"max-video-preview:-1"},"canonical":"https:\/\/grancanariaajedrez.es\/index.php\/torneos\/la-recta-final-ha-llegado-y-el-tablero-de-gran-canaria-esta-que-arde\/","og_locale":"es_ES","og_type":"article","og_title":"\u00a1LA RECTA FINAL HA LLEGADO Y EL TABLERO DE GRAN CANARIA EST\u00c1 QUE ARDE! - Federaci\u00f3n insular de ajedrez de Gran Canaria","og_description":"Tras la intensa jornada del Torneo Blitz, solo queda un \u00faltimo obst\u00e1culo para decidir qui\u00e9n se llevar\u00e1 la corona del II Circuito de Ajedrez de Gran Canaria 2025: el torneo Activo Gu\u00eda es Deporte. La emoci\u00f3n es palpable. Cada jugada, cada sacrificio y cada victoria en Gu\u00eda puede ser la diferencia entre el podio y [&hellip;]","og_url":"https:\/\/grancanariaajedrez.es\/index.php\/torneos\/la-recta-final-ha-llegado-y-el-tablero-de-gran-canaria-esta-que-arde\/","og_site_name":"Federaci\u00f3n insular de ajedrez de Gran Canaria","article_publisher":"https:\/\/www.facebook.com\/people\/Federacion-Ajedrez-Gran-Canaria\/100057093924634\/","article_modified_time":"2025-12-23T18:18:17+00:00","og_image":[{"width":1226,"height":720,"url":"https:\/\/grancanariaajedrez.es\/wp-content\/uploads\/2024\/01\/BanderaFederacion.png","type":"image\/png"}],"twitter_card":"summary_large_image","twitter_misc":{"Tiempo de lectura":"2 minutos"},"schema":{"@context":"https:\/\/schema.org","@graph":[{"@type":"WebPage","@id":"https:\/\/grancanariaajedrez.es\/index.php\/torneos\/la-recta-final-ha-llegado-y-el-tablero-de-gran-canaria-esta-que-arde\/","url":"https:\/\/grancanariaajedrez.es\/index.php\/torneos\/la-recta-final-ha-llegado-y-el-tablero-de-gran-canaria-esta-que-arde\/","name":"\u00a1LA RECTA FINAL HA LLEGADO Y EL TABLERO DE GRAN CANARIA EST\u00c1 QUE ARDE! - Federaci\u00f3n insular de ajedrez de Gran Canaria","isPartOf":{"@id":"https:\/\/grancanariaajedrez.es\/#website"},"primaryImageOfPage":{"@id":"https:\/\/grancanariaajedrez.es\/index.php\/torneos\/la-recta-final-ha-llegado-y-el-tablero-de-gran-canaria-esta-que-arde\/#primaryimage"},"image":{"@id":"https:\/\/grancanariaajedrez.es\/index.php\/torneos\/la-recta-final-ha-llegado-y-el-tablero-de-gran-canaria-esta-que-arde\/#primaryimage"},"thumbnailUrl":"https:\/\/grancanariaajedrez.es\/wp-content\/uploads\/2024\/01\/BanderaFederacion.png","datePublished":"2025-12-21T17:42:13+00:00","dateModified":"2025-12-23T18:18:17+00:00","breadcrumb":{"@id":"https:\/\/grancanariaajedrez.es\/index.php\/torneos\/la-recta-final-ha-llegado-y-el-tablero-de-gran-canaria-esta-que-arde\/#breadcrumb"},"inLanguage":"es","potentialAction":[{"@type":"ReadAction","target":["https:\/\/grancanariaajedrez.es\/index.php\/torneos\/la-recta-final-ha-llegado-y-el-tablero-de-gran-canaria-esta-que-arde\/"]}]},{"@type":"ImageObject","inLanguage":"es","@id":"https:\/\/grancanariaajedrez.es\/index.php\/torneos\/la-recta-final-ha-llegado-y-el-tablero-de-gran-canaria-esta-que-arde\/#primaryimage","url":"https:\/\/grancanariaajedrez.es\/wp-content\/uploads\/2024\/01\/BanderaFederacion.png","contentUrl":"https:\/\/grancanariaajedrez.es\/wp-content\/uploads\/2024\/01\/BanderaFederacion.png","width":1226,"height":720},{"@type":"BreadcrumbList","@id":"https:\/\/grancanariaajedrez.es\/index.php\/torneos\/la-recta-final-ha-llegado-y-el-tablero-de-gran-canaria-esta-que-arde\/#breadcrumb","itemListElement":[{"@type":"ListItem","position":1,"name":"Portada","item":"https:\/\/grancanariaajedrez.es\/"},{"@type":"ListItem","position":2,"name":"Torneos de Ajedrez","item":"https:\/\/grancanariaajedrez.es\/index.php\/torneos\/"},{"@type":"ListItem","position":3,"name":"\u00a1LA RECTA FINAL HA LLEGADO Y EL TABLERO DE GRAN CANARIA EST\u00c1 QUE ARDE!"}]},{"@type":"WebSite","@id":"https:\/\/grancanariaajedrez.es\/#website","url":"https:\/\/grancanariaajedrez.es\/","name":"Grancanariaajedrez.es","description":"Federaci\u00f3n insular de ajedrez de Gran Canaria","potentialAction":[{"@type":"SearchAction","target":{"@type":"EntryPoint","urlTemplate":"https:\/\/grancanariaajedrez.es\/?s={search_term_string}"},"query-input":{"@type":"PropertyValueSpecification","valueRequired":true,"valueName":"search_term_string"}}],"inLanguage":"es"}]}},"_links":{"self":[{"href":"https:\/\/grancanariaajedrez.es\/index.php\/wp-json\/wp\/v2\/gc_event\/5649","targetHints":{"allow":["GET"]}}],"collection":[{"href":"https:\/\/grancanariaajedrez.es\/index.php\/wp-json\/wp\/v2\/gc_event"}],"about":[{"href":"https:\/\/grancanariaajedrez.es\/index.php\/wp-json\/wp\/v2\/types\/gc_event"}],"wp:featuredmedia":[{"embeddable":true,"href":"https:\/\/grancanariaajedrez.es\/index.php\/wp-json\/wp\/v2\/media\/2700"}],"wp:attachment":[{"href":"https:\/\/grancanariaajedrez.es\/index.php\/wp-json\/wp\/v2\/media?parent=5649"}],"wp:term":[{"taxonomy":"gc_event_type","embeddable":true,"href":"https:\/\/grancanariaajedrez.es\/index.php\/wp-json\/wp\/v2\/gc_event_type?post=5649"}],"curies":[{"name":"wp","href":"https:\/\/api.w.org\/{rel}","templated":true}]}}